{"id":113,"date":"2013-06-03T12:20:34","date_gmt":"2013-06-03T12:20:34","guid":{"rendered":"http:\/\/www.soledadurtubey.com.ar\/?page_id=113"},"modified":"2015-04-04T14:42:01","modified_gmt":"2015-04-04T17:42:01","slug":"disertaciones-y-capacitacion","status":"publish","type":"page","link":"http:\/\/www.soledadurtubey.com.ar\/?page_id=113","title":{"rendered":"Disertaciones y Capacitaci\u00f3n"},"content":{"rendered":"<p>Con el objetivo de estimular el bienestar personal y la calidad profesional en el marco empresarial y en el desarrollo integral comunitario, es que abordo las siguientes tem\u00e1ticas:<\/p>\n<p><strong>Tem\u00e1ticas\u00a0Turismo de Reuniones<br \/>\n<\/strong>&#8211; Desarrollo de Business Plan<br \/>\n&#8211; Tendencias del Mercado<br \/>\n&#8211; Capacitaci\u00f3n al Personal de Contacto<br \/>\n&#8211; Los roles en la cadena de valor del sector<br \/>\n-Alianzas Estrat\u00e9gicas<\/p>\n<p><strong>Tem\u00e1ticas\u00a0Comunicaci\u00f3n\u00a0Empresarial<br \/>\n<\/strong>&#8211;\u00a0Equipo<br \/>\n&#8211;\u00a0Cliente interno y Clientes externos<br \/>\n&#8211;\u00a0Tendencias e Innovaci\u00f3n<br \/>\n&#8211;\u00a0Calidad de Servicios<br \/>\n&#8211; El valor de los servicios.<\/p>\n<p><strong>Tem\u00e1ticas\u00a0Comunicaci\u00f3n\u00a0Social<br \/>\n<\/strong>&#8211;\u00a0\u00abAyudar a Ayudar\u00bb<br \/>\n&#8211;\u00a0Concientizaci\u00f3n comunitaria<br \/>\n&#8211;\u00a0Redes de Comunicaci\u00f3n<br \/>\n&#8211;\u00a0Circulo virtuoso Social<br \/>\n&#8211;\u00a0Solidaridad \u00a0o Insolidaridad<\/p>\n<p><strong>Disertaciones y Ponencias<\/strong><\/p>\n<p>\u2022 Disertaci\u00f3n \u201cRedes de Solidaridad \u201c en el Panel de Liderazgo Femenino de Sustentabilidad en Evento ECO Industria 2.0 (2012)<\/p>\n<p>\u2022 Conferencia de Responsabilidad Social Empresaria en Expo Solidaria (2011)<\/p>\n<p>\u2022 Jornadas de Capacitaci\u00f3n (Abiertas y Gratuitas) al personal de contacto en eventos (2006 a la actualidad, organizados por la Empresa Sol del Norte Eventos)<\/p>\n<p>\u2022 Talleres de Concientizaci\u00f3n a proveedores de servicios en eventos (2007 a la actualidad, organizados por Salta Convention &amp; Visitors Bureau)<\/p>\n<p>\u2022 Jornada de Capacitaci\u00f3n \u201cHacia un nuevo Turismo Receptivo en Salta\u201d (2004).<\/p>\n<p>\u2022 Seminario \u201cGesti\u00f3n de la Innovaci\u00f3n en Turismo y Empresas de Ocio\u201d (2003).<\/p>\n<p>\u2022 Primer Seminario de Turismo de la Provincia de Salta (2003).<\/p>\n<p>\u2022 Seminario \u201cEn el Turismo todos somos protagonistas\u201d (2003).<\/p>\n<p>\u2022 Compromiso de Equipo: interrelaci\u00f3n e interdependencia de los actores de una organizaci\u00f3n (2000).<\/p>\n<p>\u2022 Estrategias de la Mejora Continua (Dinamismo e innovaci\u00f3n) en la cultura organizacional (1995).<\/p>\n<p>\u2022 Estructura comunicacional de una Organizaci\u00f3n (1992).]<\/p>\n<p><strong><br \/>\nCursos de Capacitaci\u00f3n<\/strong><\/p>\n<p>\u2022 Normas de calidad: la Empresa Sol del Norte Eventos regula anualmente Normas de Gestion IRAM<\/p>\n<p>\u2022 ICCA Latin America Capacitaci\u00f3n Anual (desde 2012 a la fecha)<\/p>\n<p>\u2022 WTM -San Pablo (Brasil 2013)<\/p>\n<p>\u2022 Encuentro Latinoamericano de Bureaux (Argentina, 2012)<\/p>\n<p>\u2022 Marktur Forum (Argentina, 2011)<\/p>\n<p>\u2022 Congreso COCAL (EEUU, 2010)<\/p>\n<p>\u2022 Jornadas de normativas ISO 9001 (Argentina, 2010)<\/p>\n<p>\u2022 The Motivation Show (EEUU, 2009)<\/p>\n<p>\u2022 MITM Am\u00e9ricas (Colombia, 2009)<\/p>\n<p>\u2022 IBTM (Espa\u00f1a, 2008)<\/p>\n<p>\u2022 Primer Congreso Nacional de Calidad Tur\u00edstica (Argentina, 2008)<\/p>\n<p>\u2022 ICCA World, Capacitaci\u00f3n Bienal (desde 2007 a la fecha)<\/p>\n<p>\u2022 Universidad Cat\u00f3lica Argentina. \u201cPrograma Ejecutivo en Gobierno y Turismo\u201d (2007)<\/p>\n<p>\u2022 Universidad Cat\u00f3lica de Salta. Organizaci\u00f3n Profesional de Eventos\u201d (2006).<\/p>\n<p>\u2022 Entrenamiento en Programaci\u00f3n Neuroling\u00fc\u00edstica (Chile, 2006)<\/p>\n<p>\u2022 Capacitaci\u00f3n AOCA en Expo Eventos (Argentina, 2005 a la actualidad)<\/p>\n<p>\u2022 EAP. Curso \u201cPensamiento y Planificaci\u00f3n Estrat\u00e9gica\u201d (2005).<\/p>\n<p>\u2022 EAP. Curso \u201cPrincipios B\u00e1sicos de Instrumentos Legales\u201d (2005).<\/p>\n<p>\u2022 Dr. Goldenhorn. Seminario \u201cSeguridad Tur\u00edstica\u201d (2004).<\/p>\n<p>\u2022 Lic. Gaioti. Curso \u201cComercializaci\u00f3n de Empresas\u201d (2004).<\/p>\n<p>\u2022 Lic. Lombarduzzi. Curso \u201cCalidad de servicios: un valor agregado\u201d(2004)<\/p>\n<p>\u2022 Fundaci\u00f3n Salta Argentina. Dra. Virginia Gamba Seminario \u201cLa Seguridad como Pol\u00edtica Estado\u201d (2004).<\/p>\n<p>\u2022 C.Prof. en Ciencia Pol\u00edtica y Relac. Internacionales de Salta. Seminario \u201cArgentina en el Siglo XXI. Perspectivas en Pol\u00edtica Exterior, Gobernabilidad y Econom\u00eda\u201d (2004).<\/p>\n<p>\u2022 Premio Nacional a la Calidad en un Sistema de Organizaci\u00f3n. Direcci\u00f3n Nacional de Gesti\u00f3n de Calidad (Jefatura de Gabinete de Ministros de la Presidencia de la Naci\u00f3n). Curso sobre las \u201cBases, Contenidos y Metodolog\u00eda espec\u00edficos para aspirantes al Premio Nacional a la Calidad para Personal Jer\u00e1rquico de la Administraci\u00f3n P\u00fablica Nacional\u201d (2004).<\/p>\n<p>\u2022 Lic. C\u00e1pese. Curso \u201cCompetencia en Negocios Tur\u00edsticos\u201d (2003).<\/p>\n<p>\u2022 CAME. Foro Regional \u201cCiudad, Comercio y Turismo: El Turismo y la reactivaci\u00f3n del comercio\u201d (2003).<\/p>\n<p>\u2022 Lic. Capece. Curso \u201cDise\u00f1o y Gesti\u00f3n de Productos Tur\u00edsticos\u201d (2003).<\/p>\n<p>\u2022 Dr. Ben\u00edtez. Jornada Argentina de Derecho del Turismo\u201d (2003).<\/p>\n<p>\u2022 GTZ Agencia Alemana de Cooperaci\u00f3n Internacional. Planificaci\u00f3n estrat\u00e9gica y operativa en Sistemas de Integraci\u00f3n Regional, Metodolog\u00eda y Gesti\u00f3n de Procesos (2003 y 2004).<\/p>\n<p>\u2022 AFS. Programas Interculturales de Argentina. Foro \u201cAprendizaje Intercultural\u201d (2002).<\/p>\n<p>\u2022 SLS &amp; Asociados. Consultora en RRHH y Capacitaci\u00f3n. Curso de Management en RRHH, Programa de Formaci\u00f3n y Desarrollo estrat\u00e9gico en RRHH (2002).<\/p>\n<p>\u2022 Lic. J. Pardo. Curso\u201dTendencias del Patrimonio Cultural\u201d (2002).<\/p>\n<p>\u2022 Lic. Cristian Vitry. Curso \u201cPatrimonio Arqueol\u00f3gico\u201d (2002).<\/p>\n<p>\u2022 UADE. Curso \u201cLiderazgo Situacional\u201d (Argentina, 2001).<\/p>\n<p>\u2022 Ecomondo (Italia, 2000, 2001 y 2002)<\/p>\n<p>\u2022 Naldo Dasso. Curso \u201c Trabajo en Equipo\u201d (Argentina, 2000)<\/p>\n","protected":false},"excerpt":{"rendered":"<p>Con el objetivo de estimular el bienestar personal y la calidad profesional en el marco empresarial y en el desarrollo integral comunitario, es que abordo las siguientes tem\u00e1ticas: Tem\u00e1ticas\u00a0Turismo de Reuniones &#8211; Desarrollo de Business Plan &#8211; Tendencias del Mercado &#8211; Capacitaci\u00f3n al Personal de Contacto &#8211; Los roles en la cadena de valor del [&hellip;]<\/p>\n","protected":false},"author":2,"featured_media":0,"parent":0,"menu_order":0,"comment_status":"closed","ping_status":"closed","template":"","meta":{"footnotes":""},"_links":{"self":[{"href":"http:\/\/www.soledadurtubey.com.ar\/index.php?rest_route=\/wp\/v2\/pages\/113"}],"collection":[{"href":"http:\/\/www.soledadurtubey.com.ar\/index.php?rest_route=\/wp\/v2\/pages"}],"about":[{"href":"http:\/\/www.soledadurtubey.com.ar\/index.php?rest_route=\/wp\/v2\/types\/page"}],"author":[{"embeddable":true,"href":"http:\/\/www.soledadurtubey.com.ar\/index.php?rest_route=\/wp\/v2\/users\/2"}],"replies":[{"embeddable":true,"href":"http:\/\/www.soledadurtubey.com.ar\/index.php?rest_route=%2Fwp%2Fv2%2Fcomments&post=113"}],"version-history":[{"count":5,"href":"http:\/\/www.soledadurtubey.com.ar\/index.php?rest_route=\/wp\/v2\/pages\/113\/revisions"}],"predecessor-version":[{"id":594,"href":"http:\/\/www.soledadurtubey.com.ar\/index.php?rest_route=\/wp\/v2\/pages\/113\/revisions\/594"}],"wp:attachment":[{"href":"http:\/\/www.soledadurtubey.com.ar\/index.php?rest_route=%2Fwp%2Fv2%2Fmedia&parent=113"}],"curies":[{"name":"wp","href":"https:\/\/api.w.org\/{rel}","templated":true}]}}