{"id":120,"date":"2013-06-03T12:28:52","date_gmt":"2013-06-03T15:28:52","guid":{"rendered":"http:\/\/www.soledadurtubey.com.ar\/?page_id=120"},"modified":"2015-04-04T14:22:55","modified_gmt":"2015-04-04T17:22:55","slug":"antecedentes-personales-y-antecedentes-laborales","status":"publish","type":"page","link":"http:\/\/www.soledadurtubey.com.ar\/?page_id=120","title":{"rendered":"Antecedentes Personales y Laborales"},"content":{"rendered":"<p><a href=\"http:\/\/www.soledadurtubey.com.ar\/wp-content\/uploads\/2013\/05\/Soledad_Urtubey.jpg\"><img loading=\"lazy\" decoding=\"async\" class=\"alignnone size-full wp-image-30\" src=\"http:\/\/www.soledadurtubey.com.ar\/wp-content\/uploads\/2013\/05\/Soledad_Urtubey.jpg\" alt=\"Soledad_Urtubey\" width=\"228\" height=\"204\" \/><\/a><\/p>\n<p style=\"text-align: justify;\"><strong>Antecedentes Personales<\/strong><\/p>\n<p style=\"text-align: justify;\">Naci\u00f3 en Salta, Argentina. Hija: de Rodolfo Urtubey y de L\u00eda Mera Figueroa.<br \/>\nEstudios primarios y secundarios en la ciudad de Salta.<br \/>\nEstudios universitarios: abogac\u00eda (incompleto, hasta 4 a\u00f1o).<br \/>\nEstado civil: casada y tiene 4 (cuatro) hijos.<br \/>\nResidencia: en ciudad de Salta.<\/p>\n<p style=\"text-align: justify;\"><strong><br \/>\nExperiencia Laboral<\/strong><\/p>\n<p style=\"text-align: justify;\">\u2022 Directora (CEO) y Fundadora de la Empresa Sol del Norte Eventos &amp; Servicios (Salta, Regi\u00f3n Norte de la Republica Argentina), desde 2005 a la actualidad.<\/p>\n<p style=\"text-align: justify;\">\u2022\u00a0Consultoria empresarial (Asesoramiento en Acciones promocionales institucionales, entrenamiento de equipos internos, Desarrollo Social Empresarial. (Desde el 2010 a la fecha)<\/p>\n<p style=\"text-align: justify;\">\u2022 Gobierno de la Provincia de Salta (Salta). \u00c1rea Comisionado Nacional de la Provincia de Salta.<\/p>\n<p style=\"text-align: justify;\">Adaptaci\u00f3n especifica de Ensayo Personal:\u201dRecursos Humanos y su reestructuraci\u00f3n en la estructura gubernamental: Innovaci\u00f3n de Diagn\u00f3sticos coyunturales con sus proyecciones estructurales\u201d (2005)<\/p>\n<p style=\"text-align: justify;\">\u2022 Secretar\u00eda de la Gobernaci\u00f3n de Turismo de la Provincia de Salta Salta) Directora General de Turismo de la Provincia de Salta Adaptaci\u00f3n especifica de Ensayo Personal: \u201cCroquis y desarrollo de herramientas claves de la estructura organizacional: capacitaci\u00f3n continua, motivaci\u00f3n individualizada, compromiso en equipo\u201d (2003)<\/p>\n<p style=\"text-align: justify;\">Directora General de Turismo de la Provincia de Salta, desde 2003 al 2005. Asesorando profesional y log\u00edsticamente en Eventos;<\/p>\n<p style=\"text-align: justify;\"><strong>Jornadas:<\/strong><br \/>\nJornadas Argentinas de Derecho de Turismo<br \/>\nJornadas de Justicia y Medios de Comunicaci\u00f3n<br \/>\nJornadas de Medicina Respiratoria<\/p>\n<p style=\"text-align: justify;\"><strong>Seminarios:<\/strong><br \/>\nSeminario sobre Seguridad Tur\u00edstica y Hotelera<br \/>\nSeminario Intensivo sobre organizaci\u00f3n de eventos<br \/>\nPrimer Seminario de Estudiantes de Turismo<br \/>\nSeminario de Seguridad Empresarial, ataques armados, y defensa ante asaltos<\/p>\n<p style=\"text-align: justify;\"><strong>Eventos Deportivos:<\/strong><br \/>\nTurismo Nacional<br \/>\nCampeonato Argentino del Interior de Polo<br \/>\nTurismo Carretera<br \/>\nTop Race<\/p>\n<p style=\"text-align: justify;\"><strong>Encuentros<\/strong><br \/>\nNorte Argentino Tur\u00edstico<br \/>\nEncuentro de autom\u00f3viles Antiguos<br \/>\n1\u00b0 Encuentro de Bandas de M\u00fasica<br \/>\n1\u00b0 Encuentro Regional y Nacional de Artesanos<br \/>\nIV Encuentros de Lenguas Abor\u00edgenes y Extranjeras<br \/>\n1\u00b0 Encuentro de M\u00e9dicos y la Familia en el Norte Argentino<\/p>\n<p style=\"text-align: justify;\"><strong>Foros<\/strong><br \/>\nCurso de Recepci\u00f3n y gesti\u00f3n hotelera de la escuela de Galicia.<br \/>\nForo de Comercio, cuidad, y turismo.<br \/>\n3\u00b0 Conferencia Argentina de Educaci\u00f3n de matem\u00e1ticas<\/p>\n<p style=\"text-align: justify;\"><strong>Presentaciones<\/strong><br \/>\nDesfile de ropa artesanal \u2013 Mercado Artesanal<br \/>\nVuelo inaugural American Falcon<br \/>\nVuelo inaugural Lafthsa<br \/>\nPresentaci\u00f3n Tarjeta Tur\u00edstica<\/p>\n<p style=\"text-align: justify;\"><strong>Festivales<\/strong><br \/>\nFestival de pialada, doma y folklore<br \/>\n1\u00b0 Festival de folklore \u201cSalta de Cacharpaya\u201d<br \/>\nFestival de la doma. Sociedad Rural<br \/>\nFestival del Tamal \u2013 Chicoana<br \/>\n2\u00b0 Festival Barroco 2003<br \/>\n8\u00b0 Festival Nacional de la Pachamama \u2013 San Antonio de Cobres<br \/>\nFestival Interamericano de danza 2003<br \/>\nFestival Solidario Chaque\u00f1o tripartito<br \/>\nFestival Nacional e internacional de Coros<br \/>\n4\u00b0 Festival Nacional de Vino Torront\u00e9s<\/p>\n<p style=\"text-align: justify;\">\u2022 Auto Club Salta (Salta) Coordinadora General de Relaciones Publicas y Eventos<br \/>\nAdaptaci\u00f3n especifica de Ensayo Personal: \u201cCompromiso de Equipo: interrelaci\u00f3n e interdependencia de los actores de una<br \/>\norganizaci\u00f3n\u201d (2000).-<\/p>\n<p style=\"text-align: justify;\">\u2022 Instituto Nacional de Servicios Sociales para Jubilados y Pensionados<br \/>\n(I.N.S.S.J.P.) \u2013 PAMI \u2013 Delegaci\u00f3n Salta Capital (Salta) Jefatura T\u00e9cnica-Administrativa y Mesa de Entradas.<br \/>\nCoordinaci\u00f3n de Ceremonial y Protocolo del Se\u00f1or Delegado Adaptaci\u00f3n especifica de Ensayo personal sobre \u201cEstrategias de la Mejora Continua (Dinamismo e innovaci\u00f3n) en la cultura organizacional\u201d (1995).<\/p>\n<p style=\"text-align: justify;\">\u2022 LIFT VAN Co. Empresa de Mudanzas Internacionales. (Buenos Aires) Jefatura de Recursos Humanos<br \/>\nAdaptaci\u00f3n especifica de Ensayo personal sobre \u201cla estructura comunicacional de una Organizaci\u00f3n\u201d<\/p>\n<p style=\"text-align: justify;\">\u2022 Ministerio del Interior de la Rep\u00fablica Argentina (Buenos Aires)<br \/>\nSecretaria Privada y Personal del Se\u00f1or Ministro del Interior<br \/>\nCoordinaci\u00f3n de Ceremonial y Protocolo del Se\u00f1or Ministro<br \/>\nAdaptaci\u00f3n especifica de Ensayo personal sobre \u201cRecupero del concepto vocacional del funcionario p\u00fablico a trav\u00e9s de formaci\u00f3n de nuevos l\u00edderes\u201d.<\/p>\n<p style=\"text-align: justify;\">\u2022 Procuraci\u00f3n del Tesoro de la Naci\u00f3n (Buenos Aires). \u00c1rea Jur\u00eddico-Contable<\/p>\n<p style=\"text-align: justify;\">\u2022 Del Grupo Bridas (Bs As) (T.T.I.) Empresa: Tecnolog\u00eda, Telecomunicaciones e Inform\u00e1tica<br \/>\n\u00c1rea de Recursos Humanos.<\/p>\n","protected":false},"excerpt":{"rendered":"<p>Antecedentes Personales Naci\u00f3 en Salta, Argentina. Hija: de Rodolfo Urtubey y de L\u00eda Mera Figueroa. Estudios primarios y secundarios en la ciudad de Salta. Estudios universitarios: abogac\u00eda (incompleto, hasta 4 a\u00f1o). Estado civil: casada y tiene 4 (cuatro) hijos. Residencia: en ciudad de Salta. Experiencia Laboral \u2022 Directora (CEO) y Fundadora de la Empresa Sol [&hellip;]<\/p>\n","protected":false},"author":2,"featured_media":0,"parent":0,"menu_order":0,"comment_status":"closed","ping_status":"closed","template":"","meta":{"footnotes":""},"_links":{"self":[{"href":"http:\/\/www.soledadurtubey.com.ar\/index.php?rest_route=\/wp\/v2\/pages\/120"}],"collection":[{"href":"http:\/\/www.soledadurtubey.com.ar\/index.php?rest_route=\/wp\/v2\/pages"}],"about":[{"href":"http:\/\/www.soledadurtubey.com.ar\/index.php?rest_route=\/wp\/v2\/types\/page"}],"author":[{"embeddable":true,"href":"http:\/\/www.soledadurtubey.com.ar\/index.php?rest_route=\/wp\/v2\/users\/2"}],"replies":[{"embeddable":true,"href":"http:\/\/www.soledadurtubey.com.ar\/index.php?rest_route=%2Fwp%2Fv2%2Fcomments&post=120"}],"version-history":[{"count":8,"href":"http:\/\/www.soledadurtubey.com.ar\/index.php?rest_route=\/wp\/v2\/pages\/120\/revisions"}],"predecessor-version":[{"id":593,"href":"http:\/\/www.soledadurtubey.com.ar\/index.php?rest_route=\/wp\/v2\/pages\/120\/revisions\/593"}],"wp:attachment":[{"href":"http:\/\/www.soledadurtubey.com.ar\/index.php?rest_route=%2Fwp%2Fv2%2Fmedia&parent=120"}],"curies":[{"name":"wp","href":"https:\/\/api.w.org\/{rel}","templated":true}]}}